{"id":17672,"date":"2023-07-06T08:54:36","date_gmt":"2023-07-06T06:54:36","guid":{"rendered":"https:\/\/preblogs.deusto.es\/iedeusto\/?page_id=17672"},"modified":"2023-07-06T16:49:53","modified_gmt":"2023-07-06T14:49:53","slug":"cooperar","status":"publish","type":"page","link":"https:\/\/blogs.deusto.es\/iedeusto\/cooperar\/","title":{"rendered":"Cooperar"},"content":{"rendered":"\n<div class=\"inherit-container-width wp-block-group alignwide is-layout-constrained wp-block-group-is-layout-constrained\"><div class=\"wp-block-group__inner-container\">\n<div class=\"wp-block-query alignfull is-layout-flow wp-block-query-is-layout-flow\"><ul class=\"is-flex-container columns-3 wp-block-post-template is-layout-flow wp-block-post-template-is-layout-flow\"><li class=\"wp-block-post post-21144 post type-post status-publish format-standard has-post-thumbnail hentry category-cooperacion category-cooperar category-deusto-emprende-2026 category-personas-emprendedoras tag-cooperacion tag-deustokabi tag-emprendedors-2 tag-emprendimiento tag-erasmus-2 tag-innovacion tag-universidad-de-deusto\">\n\n<div class=\"inherit-container-width wp-block-group alignwide is-layout-constrained wp-container-core-group-is-layout-63b382b2 wp-block-group-is-layout-constrained\" style=\"padding-top:30px;padding-right:30px;padding-bottom:30px;padding-left:30px\"><div class=\"wp-block-group__inner-container\"><figure class=\"wp-block-post-featured-image\"><img fetchpriority=\"high\" decoding=\"async\" width=\"2500\" height=\"1667\" src=\"https:\/\/blogs.deusto.es\/wp-content\/uploads\/sites\/27\/2026\/04\/unnamed-14.jpg\" class=\"attachment-post-thumbnail size-post-thumbnail wp-post-image\" alt=\"\" style=\"object-fit:cover;\" srcset=\"https:\/\/blogs.deusto.es\/wp-content\/uploads\/sites\/27\/2026\/04\/unnamed-14.jpg 2500w, https:\/\/blogs.deusto.es\/wp-content\/uploads\/sites\/27\/2026\/04\/unnamed-14-300x200.jpg 300w, https:\/\/blogs.deusto.es\/wp-content\/uploads\/sites\/27\/2026\/04\/unnamed-14-1024x683.jpg 1024w, https:\/\/blogs.deusto.es\/wp-content\/uploads\/sites\/27\/2026\/04\/unnamed-14-768x512.jpg 768w, https:\/\/blogs.deusto.es\/wp-content\/uploads\/sites\/27\/2026\/04\/unnamed-14-1536x1024.jpg 1536w, https:\/\/blogs.deusto.es\/wp-content\/uploads\/sites\/27\/2026\/04\/unnamed-14-2048x1366.jpg 2048w\" sizes=\"(max-width: 2500px) 100vw, 2500px\" \/><\/figure>\n\n<h2 class=\"wp-block-post-title has-medium-font-size\"><a href=\"https:\/\/blogs.deusto.es\/iedeusto\/deusto-emprende-acoge-la-visita-del-proyecto-erasmus-pulse\/\" target=\"_self\" >Deusto Emprende acoge la visita del proyecto Erasmus+ PULSE<\/a><\/h2>\n\n<div style=\"font-size:16px;\" class=\"wp-block-post-excerpt\"><p class=\"wp-block-post-excerpt__excerpt\">El pasado viernes 24 de abril, Deusto Emprende tuvo el placer de acoger la visita del proyecto Erasmus+ Capacity Building PULSE, una iniciativa internacional que re\u00fane a universidades y agentes educativos con el objetivo de fomentar la innovaci\u00f3n y el emprendimiento. Durante la jornada, Garbi\u00f1e Henry, Oier Aurrekoetxea y Vanessa Angulo presentaron el modelo de&hellip; <\/p><\/div><\/div><\/div>\n\n<\/li><li class=\"wp-block-post post-21122 post type-post status-publish format-standard has-post-thumbnail hentry category-cooperar category-deusto-emprende-2026 category-sin-categoria tag-emprendimiento tag-innogune tag-innovacion tag-universidad-de-deusto\">\n\n<div class=\"inherit-container-width wp-block-group alignwide is-layout-constrained wp-container-core-group-is-layout-63b382b2 wp-block-group-is-layout-constrained\" style=\"padding-top:30px;padding-right:30px;padding-bottom:30px;padding-left:30px\"><div class=\"wp-block-group__inner-container\"><figure class=\"wp-block-post-featured-image\"><img decoding=\"async\" width=\"800\" height=\"578\" src=\"https:\/\/blogs.deusto.es\/wp-content\/uploads\/sites\/27\/2026\/04\/1776173366829-1.jpg\" class=\"attachment-post-thumbnail size-post-thumbnail wp-post-image\" alt=\"\" style=\"object-fit:cover;\" srcset=\"https:\/\/blogs.deusto.es\/wp-content\/uploads\/sites\/27\/2026\/04\/1776173366829-1.jpg 800w, https:\/\/blogs.deusto.es\/wp-content\/uploads\/sites\/27\/2026\/04\/1776173366829-1-300x217.jpg 300w, https:\/\/blogs.deusto.es\/wp-content\/uploads\/sites\/27\/2026\/04\/1776173366829-1-768x555.jpg 768w\" sizes=\"(max-width: 800px) 100vw, 800px\" \/><\/figure>\n\n<h2 class=\"wp-block-post-title has-medium-font-size\"><a href=\"https:\/\/blogs.deusto.es\/iedeusto\/deusto-impulsa-su-espiritu-emprendedor-desde-dentro-en-una-jornada-abierta-en-donostia\/\" target=\"_self\" >Deusto impulsa su esp\u00edritu emprendedor desde dentro en una jornada abierta en Donostia<\/a><\/h2>\n\n<div style=\"font-size:16px;\" class=\"wp-block-post-excerpt\"><p class=\"wp-block-post-excerpt__excerpt\">La Universidad de Deusto abri\u00f3 sus puertas a la innovaci\u00f3n y al emprendimiento el pasado 13 de abril en el campus de Donostia, con motivo de una jornada dirigida a su propio personal acad\u00e9mico y profesional. El encuentro, celebrado en Innogune, sede de Deusto Emprende y espacio dedicado a la creaci\u00f3n de nuevas empresas, reuni\u00f3&hellip; <\/p><\/div><\/div><\/div>\n\n<\/li><li class=\"wp-block-post post-21060 post type-post status-publish format-standard has-post-thumbnail hentry category-cooperar category-crecer-2\">\n\n<div class=\"inherit-container-width wp-block-group alignwide is-layout-constrained wp-container-core-group-is-layout-63b382b2 wp-block-group-is-layout-constrained\" style=\"padding-top:30px;padding-right:30px;padding-bottom:30px;padding-left:30px\"><div class=\"wp-block-group__inner-container\"><figure class=\"wp-block-post-featured-image\"><img decoding=\"async\" width=\"993\" height=\"655\" src=\"https:\/\/blogs.deusto.es\/wp-content\/uploads\/sites\/27\/2026\/03\/Captura-de-pantalla-2026-03-11-122900.png\" class=\"attachment-post-thumbnail size-post-thumbnail wp-post-image\" alt=\"\" style=\"object-fit:cover;\" srcset=\"https:\/\/blogs.deusto.es\/wp-content\/uploads\/sites\/27\/2026\/03\/Captura-de-pantalla-2026-03-11-122900.png 993w, https:\/\/blogs.deusto.es\/wp-content\/uploads\/sites\/27\/2026\/03\/Captura-de-pantalla-2026-03-11-122900-300x198.png 300w, https:\/\/blogs.deusto.es\/wp-content\/uploads\/sites\/27\/2026\/03\/Captura-de-pantalla-2026-03-11-122900-768x507.png 768w\" sizes=\"(max-width: 993px) 100vw, 993px\" \/><\/figure>\n\n<h2 class=\"wp-block-post-title has-medium-font-size\"><a href=\"https:\/\/blogs.deusto.es\/iedeusto\/comienza-la-formacion-b-venture-en-la-universidad-de-deusto\/\" target=\"_self\" >\u00a1La Universidad de Deusto impulsa el talento emprendedor con el programa B-Venture Deusto Training Startups!<\/a><\/h2>\n\n<div style=\"font-size:16px;\" class=\"wp-block-post-excerpt\"><p class=\"wp-block-post-excerpt__excerpt\">La Universidad de Deusto se ha convertido estos d\u00edas en uno de los principales puntos de encuentro para el emprendimiento y la innovaci\u00f3n con el inicio del programa B-Venture Deusto Training Startups. Un total de 25 startups han sido seleccionadas para participar en este programa intensivo de formaci\u00f3n que se desarrolla durante tres fines de&hellip; <\/p><\/div><\/div><\/div>\n\n<\/li><li class=\"wp-block-post post-21103 post type-post status-publish format-standard has-post-thumbnail hentry category-cooperacion category-cooperar category-deusto-emprende-2026 category-personas-emprendedoras tag-4yfn tag-cooperar-2 tag-emprendimiento tag-eventos tag-innovacion tag-universidad-de-deusto\">\n\n<div class=\"inherit-container-width wp-block-group alignwide is-layout-constrained wp-container-core-group-is-layout-63b382b2 wp-block-group-is-layout-constrained\" style=\"padding-top:30px;padding-right:30px;padding-bottom:30px;padding-left:30px\"><div class=\"wp-block-group__inner-container\"><figure class=\"wp-block-post-featured-image\"><img loading=\"lazy\" decoding=\"async\" width=\"2016\" height=\"908\" src=\"https:\/\/blogs.deusto.es\/wp-content\/uploads\/sites\/27\/2026\/03\/IMG-20260303-WA0038.jpg\" class=\"attachment-post-thumbnail size-post-thumbnail wp-post-image\" alt=\"\" style=\"object-fit:cover;\" srcset=\"https:\/\/blogs.deusto.es\/wp-content\/uploads\/sites\/27\/2026\/03\/IMG-20260303-WA0038.jpg 2016w, https:\/\/blogs.deusto.es\/wp-content\/uploads\/sites\/27\/2026\/03\/IMG-20260303-WA0038-300x135.jpg 300w, https:\/\/blogs.deusto.es\/wp-content\/uploads\/sites\/27\/2026\/03\/IMG-20260303-WA0038-1024x461.jpg 1024w, https:\/\/blogs.deusto.es\/wp-content\/uploads\/sites\/27\/2026\/03\/IMG-20260303-WA0038-768x346.jpg 768w, https:\/\/blogs.deusto.es\/wp-content\/uploads\/sites\/27\/2026\/03\/IMG-20260303-WA0038-1536x692.jpg 1536w\" sizes=\"(max-width: 2016px) 100vw, 2016px\" \/><\/figure>\n\n<h2 class=\"wp-block-post-title has-medium-font-size\"><a href=\"https:\/\/blogs.deusto.es\/iedeusto\/deusto-emprende-en-4yfn-barcelona-conectando-con-el-futuro-del-emprendimiento-tecnologico\/\" target=\"_self\" >Deusto Emprende en 4YFN Barcelona: conectando con el futuro del emprendimiento tecnol\u00f3gico<\/a><\/h2>\n\n<div style=\"font-size:16px;\" class=\"wp-block-post-excerpt\"><p class=\"wp-block-post-excerpt__excerpt\">Los pasados 2 y 3 de marzo, Deusto Emprende tuvo el privilegio de asistir a 4YFN (Four Years From Now) en Barcelona, un evento de referencia mundial que re\u00fane a startups tecnol\u00f3gicas, inversores y grandes corporaciones en el marco del Mobile World Congress. Esta experiencia se realiz\u00f3 junto al grupo de hom\u00f3logos de Innovaci\u00f3n y&hellip; <\/p><\/div><\/div><\/div>\n\n<\/li><li class=\"wp-block-post post-20941 post type-post status-publish format-standard has-post-thumbnail hentry category-cooperacion category-cooperar category-deusto-emprende-2026 tag-campus-bilbao tag-emprendedors-2 tag-emprendimiento tag-estudiantes tag-innovacion tag-iwl2026 tag-universidad-de-deusto\">\n\n<div class=\"inherit-container-width wp-block-group alignwide is-layout-constrained wp-container-core-group-is-layout-63b382b2 wp-block-group-is-layout-constrained\" style=\"padding-top:30px;padding-right:30px;padding-bottom:30px;padding-left:30px\"><div class=\"wp-block-group__inner-container\"><figure class=\"wp-block-post-featured-image\"><img loading=\"lazy\" decoding=\"async\" width=\"2500\" height=\"1667\" src=\"https:\/\/blogs.deusto.es\/wp-content\/uploads\/sites\/27\/2026\/02\/04022026-_DSC2001.png\" class=\"attachment-post-thumbnail size-post-thumbnail wp-post-image\" alt=\"\" style=\"object-fit:cover;\" srcset=\"https:\/\/blogs.deusto.es\/wp-content\/uploads\/sites\/27\/2026\/02\/04022026-_DSC2001.png 2500w, https:\/\/blogs.deusto.es\/wp-content\/uploads\/sites\/27\/2026\/02\/04022026-_DSC2001-300x200.png 300w, https:\/\/blogs.deusto.es\/wp-content\/uploads\/sites\/27\/2026\/02\/04022026-_DSC2001-1024x683.png 1024w, https:\/\/blogs.deusto.es\/wp-content\/uploads\/sites\/27\/2026\/02\/04022026-_DSC2001-768x512.png 768w, https:\/\/blogs.deusto.es\/wp-content\/uploads\/sites\/27\/2026\/02\/04022026-_DSC2001-1536x1024.png 1536w, https:\/\/blogs.deusto.es\/wp-content\/uploads\/sites\/27\/2026\/02\/04022026-_DSC2001-2048x1366.png 2048w\" sizes=\"(max-width: 2500px) 100vw, 2500px\" \/><\/figure>\n\n<h2 class=\"wp-block-post-title has-medium-font-size\"><a href=\"https:\/\/blogs.deusto.es\/iedeusto\/la-universidad-de-deusto-sede-de-la-10a-edicion-del-congreso-internacional-inspiring-women-leaders-in-the-digital-era\/\" target=\"_self\" >La Universidad de Deusto, sede de la 10\u00aa edici\u00f3n del congreso internacional \u00abInspiring Women Leaders in the Digital Era\u00bb<\/a><\/h2>\n\n<div style=\"font-size:16px;\" class=\"wp-block-post-excerpt\"><p class=\"wp-block-post-excerpt__excerpt\">L\u00edderes de m\u00e1s de 29 pa\u00edses se reunieron en este encuentro de referencia internacional en liderazgo, innovaci\u00f3n y tecnolog\u00eda organizado e impulsado por WstartupCommunity en colaboraci\u00f3n con Deusto Emprende. Los d\u00edas 4 y 5 de febrero la Universidad de Deusto fue sede de la 10\u00aa edici\u00f3n de Inspiring Women Leaders in the Digital Era (IWL),&hellip; <\/p><\/div><\/div><\/div>\n\n<\/li><li class=\"wp-block-post post-20882 post type-post status-publish format-standard has-post-thumbnail hentry category-cooperacion category-cooperar category-deusto-emprende-2026 category-rieg-deusto-bizkaia\">\n\n<div class=\"inherit-container-width wp-block-group alignwide is-layout-constrained wp-container-core-group-is-layout-63b382b2 wp-block-group-is-layout-constrained\" style=\"padding-top:30px;padding-right:30px;padding-bottom:30px;padding-left:30px\"><div class=\"wp-block-group__inner-container\"><figure class=\"wp-block-post-featured-image\"><img loading=\"lazy\" decoding=\"async\" width=\"600\" height=\"416\" src=\"https:\/\/blogs.deusto.es\/wp-content\/uploads\/sites\/27\/2026\/01\/foto-RIEG-Claudia-Pirela-300x208@2x.jpeg\" class=\"attachment-post-thumbnail size-post-thumbnail wp-post-image\" alt=\"\" style=\"object-fit:cover;\" srcset=\"https:\/\/blogs.deusto.es\/wp-content\/uploads\/sites\/27\/2026\/01\/foto-RIEG-Claudia-Pirela-300x208@2x.jpeg 600w, https:\/\/blogs.deusto.es\/wp-content\/uploads\/sites\/27\/2026\/01\/foto-RIEG-Claudia-Pirela-300x208@2x-300x208.jpeg 300w\" sizes=\"(max-width: 600px) 100vw, 600px\" \/><\/figure>\n\n<h2 class=\"wp-block-post-title has-medium-font-size\"><a href=\"https:\/\/blogs.deusto.es\/iedeusto\/testimonio-rieg-claudia-pirela-y-barbara-strelow-del-nodo-chile-edicion-2025\/\" target=\"_self\" >Testimonio RIEG: Claudia Pirela y B\u00e1rbara Strelow del Nodo Chile. Edici\u00f3n 2025<\/a><\/h2>\n\n<div style=\"font-size:16px;\" class=\"wp-block-post-excerpt\"><p class=\"wp-block-post-excerpt__excerpt\">La Facultad de Econom\u00eda y Negocios (FEN) de la Universidad Alberto Hurtado (UAH), en su rol como Universidad Nodo&nbsp;de la&nbsp;Red de Innovaci\u00f3n y Emprendimiento Global (RIEG) Deusto-Bizkaia, cuenta con dos personas provenientes de su Nodo que forman parte de la Edici\u00f3n 2025 de la RIEG: Claudia Pirela, ingeniera de Sistemas, y&nbsp;B\u00e1rbara Strelow, ingeniera Civil Mec\u00e1nica,&hellip; <\/p><\/div><\/div><\/div>\n\n<\/li><\/ul>\n\n<nav class=\"wp-block-query-pagination is-layout-flex wp-block-query-pagination-is-layout-flex\" aria-label=\"Paginaci\u00f3n\">\n\n\n<div class=\"wp-block-query-pagination-numbers\"><span aria-current=\"page\" class=\"page-numbers current\">1<\/span>\n<a class=\"page-numbers\" href=\"?query-28-page=2\">2<\/a>\n<a class=\"page-numbers\" href=\"?query-28-page=3\">3<\/a>\n<span class=\"page-numbers dots\">&hellip;<\/span>\n<a class=\"page-numbers\" href=\"?query-28-page=11\">11<\/a><\/div>\n\n<a href=\"\/iedeusto\/wp-json\/wp\/v2\/pages\/17672?query-28-page=2\" class=\"wp-block-query-pagination-next\">P\u00e1gina siguiente<span class='wp-block-query-pagination-next-arrow is-arrow-arrow' aria-hidden='true'>\u2192<\/span><\/a>\n<\/nav><\/div>\n<\/div><\/div>\n","protected":false},"excerpt":{"rendered":"<p><span class='st_facebook_buttons' st_title='Cooperar' st_url='https:\/\/blogs.deusto.es\/iedeusto\/cooperar\/' displayText='facebook'><\/span><span st_via='deustoDEC' st_username='deustoDEC' class='st_twitter_buttons' st_title='Cooperar' st_url='https:\/\/blogs.deusto.es\/iedeusto\/cooperar\/' displayText='twitter'><\/span><span class='st_email_buttons' st_title='Cooperar' st_url='https:\/\/blogs.deusto.es\/iedeusto\/cooperar\/' displayText='email'><\/span><span class='st_fblike_buttons' st_title='Cooperar' st_url='https:\/\/blogs.deusto.es\/iedeusto\/cooperar\/' displayText='fblike'><\/span><span class='st_plusone_buttons' st_title='Cooperar' st_url='https:\/\/blogs.deusto.es\/iedeusto\/cooperar\/' displayText='plusone'><\/span><span class='st_pinterest_buttons' st_title='Cooperar' st_url='https:\/\/blogs.deusto.es\/iedeusto\/cooperar\/' displayText='pinterest'><\/span><span class='st_sharethis_buttons' st_title='Cooperar' st_url='https:\/\/blogs.deusto.es\/iedeusto\/cooperar\/' displayText='sharethis'><\/span><\/p>","protected":false},"author":52,"featured_media":0,"parent":0,"menu_order":0,"comment_status":"closed","ping_status":"closed","template":"","meta":{"site-sidebar-layout":"default","site-content-layout":"","ast-site-content-layout":"default","site-content-style":"default","site-sidebar-style":"default","ast-global-header-display":"","ast-banner-title-visibility":"","ast-main-header-display":"","ast-hfb-above-header-display":"","ast-hfb-below-header-display":"","ast-hfb-mobile-header-display":"","site-post-title":"","ast-breadcrumbs-content":"","ast-featured-img":"","footer-sml-layout":"","ast-disable-related-posts":"","theme-transparent-header-meta":"","adv-header-id-meta":"","stick-header-meta":"","header-above-stick-meta":"","header-main-stick-meta":"","header-below-stick-meta":"","astra-migrate-meta-layouts":"default","ast-page-background-enabled":"default","ast-page-background-meta":{"desktop":{"background-color":"var(--ast-global-color-4)","background-image":"","background-repeat":"repeat","background-position":"center center","background-size":"auto","background-attachment":"scroll","background-type":"","background-media":"","overlay-type":"","overlay-color":"","overlay-opacity":"","overlay-gradient":""},"tablet":{"background-color":"","background-image":"","background-repeat":"repeat","background-position":"center center","background-size":"auto","background-attachment":"scroll","background-type":"","background-media":"","overlay-type":"","overlay-color":"","overlay-opacity":"","overlay-gradient":""},"mobile":{"background-color":"","background-image":"","background-repeat":"repeat","background-position":"center center","background-size":"auto","background-attachment":"scroll","background-type":"","background-media":"","overlay-type":"","overlay-color":"","overlay-opacity":"","overlay-gradient":""}},"ast-content-background-meta":{"desktop":{"background-color":"var(--ast-global-color-5)","background-image":"","background-repeat":"repeat","background-position":"center center","background-size":"auto","background-attachment":"scroll","background-type":"","background-media":"","overlay-type":"","overlay-color":"","overlay-opacity":"","overlay-gradient":""},"tablet":{"background-color":"var(--ast-global-color-5)","background-image":"","background-repeat":"repeat","background-position":"center center","background-size":"auto","background-attachment":"scroll","background-type":"","background-media":"","overlay-type":"","overlay-color":"","overlay-opacity":"","overlay-gradient":""},"mobile":{"background-color":"var(--ast-global-color-5)","background-image":"","background-repeat":"repeat","background-position":"center center","background-size":"auto","background-attachment":"scroll","background-type":"","background-media":"","overlay-type":"","overlay-color":"","overlay-opacity":"","overlay-gradient":""}},"footnotes":""},"class_list":["post-17672","page","type-page","status-publish","hentry"],"aioseo_notices":[],"_links":{"self":[{"href":"https:\/\/blogs.deusto.es\/iedeusto\/wp-json\/wp\/v2\/pages\/17672","targetHints":{"allow":["GET"]}}],"collection":[{"href":"https:\/\/blogs.deusto.es\/iedeusto\/wp-json\/wp\/v2\/pages"}],"about":[{"href":"https:\/\/blogs.deusto.es\/iedeusto\/wp-json\/wp\/v2\/types\/page"}],"author":[{"embeddable":true,"href":"https:\/\/blogs.deusto.es\/iedeusto\/wp-json\/wp\/v2\/users\/52"}],"replies":[{"embeddable":true,"href":"https:\/\/blogs.deusto.es\/iedeusto\/wp-json\/wp\/v2\/comments?post=17672"}],"version-history":[{"count":3,"href":"https:\/\/blogs.deusto.es\/iedeusto\/wp-json\/wp\/v2\/pages\/17672\/revisions"}],"predecessor-version":[{"id":17815,"href":"https:\/\/blogs.deusto.es\/iedeusto\/wp-json\/wp\/v2\/pages\/17672\/revisions\/17815"}],"wp:attachment":[{"href":"https:\/\/blogs.deusto.es\/iedeusto\/wp-json\/wp\/v2\/media?parent=17672"}],"curies":[{"name":"wp","href":"https:\/\/api.w.org\/{rel}","templated":true}]}}